{"id":1709,"date":"2022-06-06T08:26:03","date_gmt":"2022-06-06T08:26:03","guid":{"rendered":"https:\/\/palaciodelosmencos.es\/?page_id=1709"},"modified":"2024-10-04T07:58:10","modified_gmt":"2024-10-04T07:58:10","slug":"en-los-medios","status":"publish","type":"page","link":"https:\/\/palaciodelosmencos.es\/en\/en-los-medios\/","title":{"rendered":"En los medios"},"content":{"rendered":"<p>[et_pb_section fb_built=&#8221;1&#8243; _builder_version=&#8221;4.17.4&#8243; _module_preset=&#8221;default&#8221; global_colors_info=&#8221;{}&#8221;][et_pb_row column_structure=&#8221;2_5,3_5&#8243; _builder_version=&#8221;4.17.4&#8243; _module_preset=&#8221;default&#8221; global_colors_info=&#8221;{}&#8221;][et_pb_column type=&#8221;2_5&#8243; _builder_version=&#8221;4.17.4&#8243; _module_preset=&#8221;default&#8221; global_colors_info=&#8221;{}&#8221;][et_pb_text _builder_version=&#8221;4.27.2&#8243; _module_preset=&#8221;default&#8221; header_font_size=&#8221;47px&#8221; hover_enabled=&#8221;0&#8243; locked=&#8221;off&#8221; global_colors_info=&#8221;{}&#8221; sticky_enabled=&#8221;0&#8243;]<\/p>\n<h1>The Mencos in the media<\/h1>\n<p>[\/et_pb_text][et_pb_text _builder_version=&#8221;4.27.2&#8243; _module_preset=&#8221;default&#8221; hover_enabled=&#8221;0&#8243; locked=&#8221;off&#8221; global_colors_info=&#8221;{}&#8221; sticky_enabled=&#8221;0&#8243;]<\/p>\n<h2>Collection of references to family history in different media<\/h2>\n<h2><\/h2>\n<p>[\/et_pb_text][\/et_pb_column][et_pb_column type=&#8221;3_5&#8243; _builder_version=&#8221;4.17.4&#8243; _module_preset=&#8221;default&#8221; global_colors_info=&#8221;{}&#8221;][\/et_pb_column][\/et_pb_row][\/et_pb_section][et_pb_section fb_built=&#8221;1&#8243; _builder_version=&#8221;4.17.4&#8243; _module_preset=&#8221;default&#8221; background_color=&#8221;#FFFFFF&#8221; background_enable_pattern_style=&#8221;on&#8221; background_pattern_style=&#8221;honeycomb&#8221; background_pattern_size=&#8221;custom&#8221; background_pattern_width=&#8221;9px&#8221; custom_padding=&#8221;55px|||||&#8221; global_colors_info=&#8221;{}&#8221;][et_pb_row _builder_version=&#8221;4.17.4&#8243; _module_preset=&#8221;default&#8221; global_colors_info=&#8221;{}&#8221;][et_pb_column type=&#8221;4_4&#8243; _builder_version=&#8221;4.17.4&#8243; _module_preset=&#8221;default&#8221; global_colors_info=&#8221;{}&#8221;][et_pb_text _builder_version=&#8221;4.17.6&#8243; _module_preset=&#8221;default&#8221; global_colors_info=&#8221;{}&#8221;]<\/p>\n<ul>\n<li>\n<h4><strong>Ruta del vino<\/strong><\/h4>\n<p><a href=\"https:\/\/www.rutadelvinodenavarra.com\/lugares\/palacio-de-los-mencos-museo\/\" target=\"_blank\" rel=\"noopener\">https:\/\/www.rutadelvinodenavarra.com\/lugares\/palacio-de-los-mencos-museo\/<\/a><\/p>\n<\/li>\n<\/ul>\n<p>&nbsp;<\/p>\n<ul>\n<li>\n<h4><strong>Concurso de fotograf\u00eda<\/strong><\/h4>\n<p><a href=\"http:\/\/focusleon.es\/i-concurso-nacional-de-fotografia-castillos-palacios-y-fortalezas-de-espana%C2%B4\/\" target=\"_blank\" rel=\"noopener\">http:\/\/focusleon.es\/i-concurso-nacional-de-fotografia-castillos-palacios-y-fortalezas-de-espana%C2%B4\/<\/a><br \/><a href=\"https:\/\/www.noticiasdenavarra.com\/navarra\/2013\/06\/07\/fundacion-mencos-promueve-concurso-nacional-3103989.html\" target=\"_blank\" rel=\"noopener\">https:\/\/www.noticiasdenavarra.com\/navarra\/2013\/06\/07\/fundacion-mencos-promueve-concurso-nacional-3103989.html<\/a><\/p>\n<\/li>\n<\/ul>\n<p>&nbsp;<\/p>\n<ul>\n<li>\n<h4><strong>Exposiciones<\/strong><\/h4>\n<ul>\n<li><strong>Historia del cine:<\/strong><br \/><a href=\"https:\/\/www.noticiasdenavarra.com\/navarra\/2010\/09\/22\/500-personas-han-visto-exposicion-3447632.html\" target=\"_blank\" rel=\"noopener\">https:\/\/www.noticiasdenavarra.com\/navarra\/2010\/09\/22\/500-personas-han-visto-exposicion-3447632.html<\/a><\/li>\n<li><strong>Los colores del vino:<\/strong><br \/><a href=\"https:\/\/www.noticiasdenavarra.com\/navarra\/2016\/06\/15\/exposicion-navarra-tierra-vino-palacio-2755819.html\" target=\"_blank\" rel=\"noopener\">https:\/\/www.noticiasdenavarra.com\/navarra\/2016\/06\/15\/exposicion-navarra-tierra-vino-palacio-2755819.html<\/a><\/li>\n<li><strong>La huella de F\u00e9lix Rodr\u00edguez de la Fuente:<\/strong><br \/><a href=\"https:\/\/www.noticiasdenavarra.com\/sociedad\/2011\/08\/06\/homenaje-felix-rodriguez-fuente-3338324.html\" target=\"_blank\" rel=\"noopener\">https:\/\/www.noticiasdenavarra.com\/sociedad\/2011\/08\/06\/homenaje-felix-rodriguez-fuente-3338324.html<\/a><\/li>\n<li><strong>Fotograf\u00eda autores navarros:<\/strong><br \/><a href=\"https:\/\/www.diariodenavarra.es\/noticias\/navarra\/zona_media\/2013\/08\/31\/abierta_tafalla_quot_exposicion_fotografia_antigua_quot_128650_1008.html\" target=\"_blank\" rel=\"noopener\">https:\/\/www.diariodenavarra.es\/noticias\/navarra\/zona_media\/2013\/08\/31\/abierta_tafalla_quot_exposicion_fotografia_antigua_quot_128650_1008.html<\/a><\/li>\n<\/ul>\n<\/li>\n<\/ul>\n<p>&nbsp;<\/p>\n<ul>\n<li>\n<h4><strong>Publicaciones y conferencias<\/strong><\/h4>\n<ul>\n<li><strong>La colecci\u00f3n fotogr\u00e1fica del Marqu\u00e9s de la Real Defensa:<\/strong><br \/><a href=\"https:\/\/www.unav.edu\/web\/catedra-patrimonio\/actividades\/ciclos-y-conferencias\/2014\/fotografia-navarra-la-coleccion-del-marques-de-la-real-defensa\" target=\"_blank\" rel=\"noopener\">https:\/\/www.unav.edu\/web\/catedra-patrimonio\/actividades\/ciclos-y-conferencias\/2014\/fotografia-navarra-la-coleccion-del-marques-de-la-real-defensa<\/a><\/li>\n<li><a href=\"https:\/\/palaciodelosmencos.es\/wp-content\/uploads\/2022\/10\/palacios-y-castillos-de-espana.pdf\" target=\"_blank\" rel=\"noopener\"><strong>Palacios y castillos de Espa\u00f1a, editorial Turner<\/strong><\/a><\/li>\n<\/ul>\n<\/li>\n<\/ul>\n<p>&nbsp;<\/p>\n<ul>\n<li>\n<h4><strong>Programas de televisi\u00f3n<\/strong><\/h4>\n<ul>\n<li><strong>Navarra TV Supervecinos:<\/strong><br \/><a href=\"https:\/\/www.navarratelevision.es\/AlaCarta\/2975D793-A34E-9176-FE15AB94EE899F1E\/yt\/PAPxr3fP3ls\/SUPERVECINOS--TAFALLA--10062018\" target=\"_blank\" rel=\"noopener\">https:\/\/www.navarratelevision.es\/AlaCarta\/2975D793-A34E-9176-FE15AB94EE899F1E\/yt\/PAPxr3fP3ls\/SUPERVECINOS&#8211;TAFALLA&#8211;10062018<\/a><\/li>\n<li><strong>EITB, de lo bueno lo mejor.<\/strong><\/li>\n<\/ul>\n<\/li>\n<\/ul>\n<p>[\/et_pb_text][\/et_pb_column][\/et_pb_row][\/et_pb_section]<\/p>\n","protected":false},"excerpt":{"rendered":"<p>The Mencos in the mediaCollection of references to family history in different media Ruta del vino https:\/\/www.rutadelvinodenavarra.com\/lugares\/palacio-de-los-mencos-museo\/ &nbsp; Concurso de fotograf\u00eda http:\/\/focusleon.es\/i-concurso-nacional-de-fotografia-castillos-palacios-y-fortalezas-de-espana%C2%B4\/https:\/\/www.noticiasdenavarra.com\/navarra\/2013\/06\/07\/fundacion-mencos-promueve-concurso-nacional-3103989.html &nbsp; Exposiciones Historia del cine:https:\/\/www.noticiasdenavarra.com\/navarra\/2010\/09\/22\/500-personas-han-visto-exposicion-3447632.html Los colores del vino:https:\/\/www.noticiasdenavarra.com\/navarra\/2016\/06\/15\/exposicion-navarra-tierra-vino-palacio-2755819.html La huella de F\u00e9lix Rodr\u00edguez de la Fuente:https:\/\/www.noticiasdenavarra.com\/sociedad\/2011\/08\/06\/homenaje-felix-rodriguez-fuente-3338324.html Fotograf\u00eda autores navarros:https:\/\/www.diariodenavarra.es\/noticias\/navarra\/zona_media\/2013\/08\/31\/abierta_tafalla_quot_exposicion_fotografia_antigua_quot_128650_1008.html &nbsp; Publicaciones y conferencias La colecci\u00f3n fotogr\u00e1fica del Marqu\u00e9s de la Real Defensa:https:\/\/www.unav.edu\/web\/catedra-patrimonio\/actividades\/ciclos-y-conferencias\/2014\/fotografia-navarra-la-coleccion-del-marques-de-la-real-defensa [&hellip;]<\/p>\n","protected":false},"author":1,"featured_media":0,"parent":0,"menu_order":0,"comment_status":"closed","ping_status":"closed","template":"","meta":{"_acf_changed":false,"_et_pb_use_builder":"on","_et_pb_old_content":"<!-- wp:divi\/placeholder \/-->","_et_gb_content_width":"","footnotes":""},"class_list":["post-1709","page","type-page","status-publish","hentry"],"acf":[],"_links":{"self":[{"href":"https:\/\/palaciodelosmencos.es\/en\/wp-json\/wp\/v2\/pages\/1709","targetHints":{"allow":["GET"]}}],"collection":[{"href":"https:\/\/palaciodelosmencos.es\/en\/wp-json\/wp\/v2\/pages"}],"about":[{"href":"https:\/\/palaciodelosmencos.es\/en\/wp-json\/wp\/v2\/types\/page"}],"author":[{"embeddable":true,"href":"https:\/\/palaciodelosmencos.es\/en\/wp-json\/wp\/v2\/users\/1"}],"replies":[{"embeddable":true,"href":"https:\/\/palaciodelosmencos.es\/en\/wp-json\/wp\/v2\/comments?post=1709"}],"version-history":[{"count":4,"href":"https:\/\/palaciodelosmencos.es\/en\/wp-json\/wp\/v2\/pages\/1709\/revisions"}],"predecessor-version":[{"id":2473,"href":"https:\/\/palaciodelosmencos.es\/en\/wp-json\/wp\/v2\/pages\/1709\/revisions\/2473"}],"wp:attachment":[{"href":"https:\/\/palaciodelosmencos.es\/en\/wp-json\/wp\/v2\/media?parent=1709"}],"curies":[{"name":"wp","href":"https:\/\/api.w.org\/{rel}","templated":true}]}}