{"id":1661,"date":"2022-06-06T08:19:59","date_gmt":"2022-06-06T08:19:59","guid":{"rendered":"https:\/\/palaciodelosmencos.es\/?page_id=1661"},"modified":"2024-10-04T09:15:39","modified_gmt":"2024-10-04T09:15:39","slug":"the-palace-cellar","status":"publish","type":"page","link":"https:\/\/palaciodelosmencos.es\/en\/activities\/the-palace-cellar\/","title":{"rendered":"Visit the historic winery"},"content":{"rendered":"<p>[et_pb_section fb_built=&#8221;1&#8243; _builder_version=&#8221;4.17.4&#8243; _module_preset=&#8221;default&#8221; background_color=&#8221;#B0976D&#8221; background_enable_image=&#8221;off&#8221; background_enable_pattern_style=&#8221;on&#8221; background_pattern_style=&#8221;shippo&#8221; background_pattern_color=&#8221;rgba(0,0,0,0.03)&#8221; background_pattern_size=&#8221;custom&#8221; background_pattern_width=&#8221;31px&#8221; locked=&#8221;off&#8221; global_colors_info=&#8221;{}&#8221;][et_pb_row _builder_version=&#8221;4.17.4&#8243; _module_preset=&#8221;default&#8221; global_colors_info=&#8221;{}&#8221;][et_pb_column type=&#8221;4_4&#8243; _builder_version=&#8221;4.17.4&#8243; _module_preset=&#8221;default&#8221; global_colors_info=&#8221;{}&#8221;][et_pb_text _builder_version=&#8221;4.25.1&#8243; _module_preset=&#8221;default&#8221; global_colors_info=&#8221;{}&#8221;]<\/p>\n<h1><strong>Visit the historic winery<\/strong><\/h1>\n<p>[\/et_pb_text][\/et_pb_column][\/et_pb_row][\/et_pb_section][et_pb_section fb_built=&#8221;1&#8243; _builder_version=&#8221;4.17.4&#8243; _module_preset=&#8221;default&#8221; custom_padding=&#8221;112px||155px|||&#8221; box_shadow_style=&#8221;preset1&#8243; locked=&#8221;off&#8221; global_colors_info=&#8221;{}&#8221;][et_pb_row column_structure=&#8221;1_2,1_2&#8243; _builder_version=&#8221;4.17.4&#8243; _module_preset=&#8221;default&#8221; global_colors_info=&#8221;{}&#8221;][et_pb_column type=&#8221;1_2&#8243; _builder_version=&#8221;4.17.4&#8243; _module_preset=&#8221;default&#8221; global_colors_info=&#8221;{}&#8221;][et_pb_gallery gallery_ids=&#8221;246,251,244,243,252,240,150,151,152,162,158,157,155,154,153,159,160,161,149&#8243; fullwidth=&#8221;on&#8221; _builder_version=&#8221;4.17.4&#8243; _module_preset=&#8221;default&#8221; border_width_all=&#8221;7px&#8221; border_color_all=&#8221;#FFFFFF&#8221; box_shadow_style=&#8221;preset3&#8243; global_colors_info=&#8221;{}&#8221;][\/et_pb_gallery][\/et_pb_column][et_pb_column type=&#8221;1_2&#8243; _builder_version=&#8221;4.17.4&#8243; _module_preset=&#8221;default&#8221; global_colors_info=&#8221;{}&#8221;][et_pb_text _builder_version=&#8221;4.24.2&#8243; _module_preset=&#8221;default&#8221; header_6_font=&#8221;||||||||&#8221; header_6_text_color=&#8221;#B0976D&#8221; global_colors_info=&#8221;{}&#8221;]<\/p>\n<h2>Taste a wine in a winery with history<\/h2>\n<h6>The Mencos family has, over successive generations, maintained a long-standing relationship with wine growing and making. The winery was installed in the mid-18th century and reaching its peak of activity a century later. <\/h6>\n<p>Half of what was once the large winery has been preserved intact. The original floor can be admired, as well as the whitewashed walls and ceiling vault. In addition, there are beautiful vintage oak vats on display.[\/et_pb_text][\/et_pb_column][\/et_pb_row][\/et_pb_section][et_pb_section fb_built=&#8221;1&#8243; _builder_version=&#8221;4.17.4&#8243; _module_preset=&#8221;default&#8221; background_image=&#8221;https:\/\/palaciodelosmencos.es\/wp-content\/uploads\/2022\/06\/visita-bodega-mencos-tafalla-4.jpg&#8221; parallax=&#8221;on&#8221; parallax_method=&#8221;off&#8221; locked=&#8221;off&#8221; global_colors_info=&#8221;{}&#8221;][et_pb_row column_structure=&#8221;1_2,1_2&#8243; _builder_version=&#8221;4.17.4&#8243; _module_preset=&#8221;default&#8221; background_color=&#8221;rgba(255,255,255,0.9)&#8221; custom_margin=&#8221;76px|auto|74px|auto|false|false&#8221; custom_padding=&#8221;50px|52px|50px|52px|true|true&#8221; border_radii=&#8221;on|5px|5px|5px|5px&#8221; box_shadow_style=&#8221;preset3&#8243; global_colors_info=&#8221;{}&#8221;][et_pb_column type=&#8221;1_2&#8243; _builder_version=&#8221;4.17.4&#8243; _module_preset=&#8221;default&#8221; global_colors_info=&#8221;{}&#8221;][et_pb_image src=&#8221;https:\/\/palaciodelosmencos.es\/wp-content\/uploads\/2022\/10\/visita-bodega-palacio.jpg&#8221; title_text=&#8221;visita-bodega-palacio&#8221; _builder_version=&#8221;4.17.6&#8243; _module_preset=&#8221;default&#8221; border_width_all=&#8221;11px&#8221; border_color_all=&#8221;#FFFFFF&#8221; global_colors_info=&#8221;{}&#8221;][\/et_pb_image][\/et_pb_column][et_pb_column type=&#8221;1_2&#8243; _builder_version=&#8221;4.17.4&#8243; _module_preset=&#8221;default&#8221; global_colors_info=&#8221;{}&#8221;][et_pb_text _builder_version=&#8221;4.25.1&#8243; _module_preset=&#8221;default&#8221; custom_margin=&#8221;||1px|||&#8221; custom_padding=&#8221;||0px|||&#8221; global_colors_info=&#8221;{}&#8221;]<\/p>\n<h2>Visit the historic winery<\/h2>\n<p>&nbsp;[\/et_pb_text][et_pb_text _builder_version=&#8221;4.25.1&#8243; _module_preset=&#8221;default&#8221; header_6_line_height=&#8221;1.3em&#8221; width=&#8221;81%&#8221; global_colors_info=&#8221;{}&#8221;]<\/p>\n<h6><strong>Guided by a family member, the importance that the production and elaboration of wine had for the Mencos will be explained for 45 minutes; the age and peculiarity of its barrels, as well as the different elements that made up the winery. The three wines that the Mencos currently sell under the Marqu\u00e9s de la Real Defensa brand will be tasted and the sausages and extra virgin olive oil will be tasted. <\/strong><\/h6>\n<ul>\n<li>It is carried out in groups of a minimum of 6 people and a maximum of 40.<\/li>\n<li>The price of the visit is \u20ac10\/person and must be made by appointment. (children under 3 years old, free entry).<\/li>\n<\/ul>\n<p>[\/et_pb_text][et_pb_button button_url=&#8221;@ET-DC@eyJkeW5hbWljIjp0cnVlLCJjb250ZW50IjoicG9zdF9saW5rX3VybF9wYWdlIiwic2V0dGluZ3MiOnsicG9zdF9pZCI6IjQ5In19@&#8221; button_text=&#8221;Book your visit&#8221; _builder_version=&#8221;4.24.2&#8243; _dynamic_attributes=&#8221;button_url&#8221; _module_preset=&#8221;default&#8221; custom_button=&#8221;on&#8221; button_text_color=&#8221;#FFFFFF&#8221; button_bg_color=&#8221;#C10D0D&#8221; button_border_width=&#8221;0px&#8221; button_border_radius=&#8221;21px&#8221; box_shadow_style=&#8221;preset3&#8243; global_colors_info=&#8221;{}&#8221;][\/et_pb_button][\/et_pb_column][\/et_pb_row][\/et_pb_section][et_pb_section fb_built=&#8221;1&#8243; _builder_version=&#8221;4.17.4&#8243; _module_preset=&#8221;default&#8221; custom_padding=&#8221;99px||73px|||&#8221; global_colors_info=&#8221;{}&#8221;][et_pb_row _builder_version=&#8221;4.17.4&#8243; _module_preset=&#8221;default&#8221; custom_padding=&#8221;||27px|||&#8221; global_colors_info=&#8221;{}&#8221;][et_pb_column type=&#8221;4_4&#8243; _builder_version=&#8221;4.17.4&#8243; _module_preset=&#8221;default&#8221; global_colors_info=&#8221;{}&#8221;][et_pb_text _builder_version=&#8221;4.17.4&#8243; _module_preset=&#8221;default&#8221; header_2_font=&#8221;Playfair Display|500|on||||||&#8221; header_2_font_size=&#8221;58px&#8221; global_colors_info=&#8221;{}&#8221;]<\/p>\n<h2 style=\"text-align: center;\">Nuestros vinos<\/h2>\n<p>[\/et_pb_text][et_pb_divider divider_weight=&#8221;6px&#8221; _builder_version=&#8221;4.17.4&#8243; _module_preset=&#8221;default&#8221; width=&#8221;27%&#8221; module_alignment=&#8221;center&#8221; global_colors_info=&#8221;{}&#8221;][\/et_pb_divider][\/et_pb_column][\/et_pb_row][\/et_pb_section][et_pb_section fb_built=&#8221;1&#8243; prev_background_color=&#8221;#ffffff&#8221; _builder_version=&#8221;4.17.4&#8243; _module_preset=&#8221;default&#8221; background_color=&#8221;rgba(176,151,109,0.44)&#8221; background_enable_image=&#8221;off&#8221; background_enable_pattern_style=&#8221;on&#8221; background_pattern_style=&#8221;checkerboard&#8221; background_pattern_color=&#8221;rgba(255,255,255,0.2)&#8221; background_pattern_size=&#8221;custom&#8221; background_pattern_width=&#8221;4px&#8221; background_pattern_height=&#8221;364px&#8221; custom_padding=&#8221;164px||124px|||&#8221; top_divider_style=&#8221;arrow&#8221; global_colors_info=&#8221;{}&#8221;][et_pb_row _builder_version=&#8221;4.17.4&#8243; _module_preset=&#8221;default&#8221; custom_margin=&#8221;|auto|37px|auto||&#8221; global_colors_info=&#8221;{}&#8221;][et_pb_column type=&#8221;4_4&#8243; _builder_version=&#8221;4.17.4&#8243; _module_preset=&#8221;default&#8221; global_colors_info=&#8221;{}&#8221;][et_pb_image src=&#8221;https:\/\/palaciodelosmencos.es\/wp-content\/uploads\/2022\/06\/vdc3.png&#8221; title_text=&#8221;vdc3&#8243; align=&#8221;center&#8221; _builder_version=&#8221;4.17.4&#8243; _module_preset=&#8221;default&#8221; global_colors_info=&#8221;{}&#8221;][\/et_pb_image][et_pb_text _builder_version=&#8221;4.17.4&#8243; _module_preset=&#8221;default&#8221; text_font=&#8221;Playfair Display||||||||&#8221; header_3_font=&#8221;Playfair Display||||||||&#8221; header_4_font=&#8221;Playfair Display||||||||&#8221; global_colors_info=&#8221;{}&#8221;]<\/p>\n<h2 style=\"text-align: center;\"><span style=\"text-decoration: underline;\">MARQU\u00c9S DE LA REAL DEFENSA CRIANZA SELECCI\u00d3N<\/span><\/h2>\n<h4 style=\"text-align: center;\">Tempranillo, merlot y cabernet Sauvignon<\/h4>\n<p>[\/et_pb_text][\/et_pb_column][\/et_pb_row][et_pb_row column_structure=&#8221;1_3,2_3&#8243; _builder_version=&#8221;4.17.4&#8243; _module_preset=&#8221;default&#8221; global_colors_info=&#8221;{}&#8221;][et_pb_column type=&#8221;1_3&#8243; _builder_version=&#8221;4.17.4&#8243; _module_preset=&#8221;default&#8221; global_colors_info=&#8221;{}&#8221;][et_pb_image src=&#8221;https:\/\/palaciodelosmencos.es\/wp-content\/uploads\/2022\/06\/MarquesCrianza-555&#215;1024.png&#8221; title_text=&#8221;MarquesCrianza&#8221; _builder_version=&#8221;4.17.4&#8243; _module_preset=&#8221;default&#8221; global_colors_info=&#8221;{}&#8221;][\/et_pb_image][\/et_pb_column][et_pb_column type=&#8221;2_3&#8243; _builder_version=&#8221;4.17.4&#8243; _module_preset=&#8221;default&#8221; global_colors_info=&#8221;{}&#8221;][et_pb_text _builder_version=&#8221;4.17.4&#8243; _module_preset=&#8221;default&#8221; global_colors_info=&#8221;{}&#8221;]<\/p>\n<h4>Cata<\/h4>\n<p>Color granate, con tonos viol\u00e1ceos en el ribete, capa media.<\/p>\n<p>Tiene una nariz expresiva, profunda, con franca expresi\u00f3n frutal y un fondo tostado propio de una crianza en barrica que incluyen especiados, notas de regaliz y toques bals\u00e1micos.<\/p>\n<p>En boca tiene un buen ataque, es amplio y con volumen, con buena acidez y amplia longitud.<\/p>\n<h4>Maridaje<\/h4>\n<p>Ideal para acompa\u00f1ar carnes, caza y quesos curados.<\/p>\n<p>El vino tinto se caracteriza porque el mosto ha fermentado junto con los hollejos, estos le proporcionan el color, los aromas y otras cualidades.<\/p>\n<h4>Elaboraci\u00f3n<\/h4>\n<p>Para elaborar el vino crianza se seleccionan las parcelas apropiadas que produzcan uvas que soporten la crianza del vino.<\/p>\n<p>Ha sido sometido a un ligero filtrado para mantener intactas todas sus cualidades, por lo que puede resultar una peque\u00f1a cantidad de sedimentos naturales, que en nada alteran sus caracter\u00edsticas.<\/p>\n<p>12 meses en barrica americana y francesa, y 6 meses en botella<\/p>\n<p>[\/et_pb_text][et_pb_button button_url=&#8221;https:\/\/www.vegadelcastillo.com\/product-category\/real-defensa\/&#8221; button_text=&#8221;Comprar&#8221; _builder_version=&#8221;4.17.6&#8243; _module_preset=&#8221;default&#8221; global_colors_info=&#8221;{}&#8221;][\/et_pb_button][\/et_pb_column][\/et_pb_row][\/et_pb_section][et_pb_section fb_built=&#8221;1&#8243; _builder_version=&#8221;4.17.4&#8243; _module_preset=&#8221;default&#8221; background_color=&#8221;#ffadad&#8221; background_enable_image=&#8221;off&#8221; background_enable_pattern_style=&#8221;on&#8221; background_pattern_color=&#8221;rgba(255,255,255,0.2)&#8221; background_pattern_size=&#8221;custom&#8221; background_pattern_width=&#8221;15px&#8221; background_pattern_horizontal_offset=&#8221;14%&#8221; custom_padding=&#8221;113px|||||&#8221; global_colors_info=&#8221;{}&#8221;][et_pb_row _builder_version=&#8221;4.17.4&#8243; _module_preset=&#8221;default&#8221; custom_margin=&#8221;|auto|37px|auto||&#8221; global_colors_info=&#8221;{}&#8221;][et_pb_column type=&#8221;4_4&#8243; _builder_version=&#8221;4.17.4&#8243; _module_preset=&#8221;default&#8221; global_colors_info=&#8221;{}&#8221;][et_pb_image src=&#8221;https:\/\/palaciodelosmencos.es\/wp-content\/uploads\/2022\/06\/vdc3.png&#8221; title_text=&#8221;vdc3&#8243; align=&#8221;center&#8221; _builder_version=&#8221;4.17.4&#8243; _module_preset=&#8221;default&#8221; global_colors_info=&#8221;{}&#8221;][\/et_pb_image][et_pb_text _builder_version=&#8221;4.17.4&#8243; _module_preset=&#8221;default&#8221; text_font=&#8221;Playfair Display||||||||&#8221; header_3_font=&#8221;Playfair Display||||||||&#8221; header_4_font=&#8221;Playfair Display||||||||&#8221; global_colors_info=&#8221;{}&#8221;]<\/p>\n<h2 style=\"text-align: center;\"><span style=\"text-decoration: underline;\">MARQU\u00c9S DE LA REAL DEFENSA ROSADO<\/span><\/h2>\n<h4 style=\"text-align: center;\">Garnacha<\/h4>\n<p>[\/et_pb_text][\/et_pb_column][\/et_pb_row][et_pb_row column_structure=&#8221;1_3,2_3&#8243; _builder_version=&#8221;4.17.4&#8243; _module_preset=&#8221;default&#8221; global_colors_info=&#8221;{}&#8221;][et_pb_column type=&#8221;1_3&#8243; _builder_version=&#8221;4.17.4&#8243; _module_preset=&#8221;default&#8221; global_colors_info=&#8221;{}&#8221;][et_pb_image src=&#8221;https:\/\/palaciodelosmencos.es\/wp-content\/uploads\/2022\/06\/MarquesLagrima-555&#215;1024.png&#8221; title_text=&#8221;MarquesLagrima&#8221; _builder_version=&#8221;4.17.4&#8243; _module_preset=&#8221;default&#8221; global_colors_info=&#8221;{}&#8221;][\/et_pb_image][\/et_pb_column][et_pb_column type=&#8221;2_3&#8243; _builder_version=&#8221;4.17.4&#8243; _module_preset=&#8221;default&#8221; global_colors_info=&#8221;{}&#8221;][et_pb_text _builder_version=&#8221;4.17.4&#8243; _module_preset=&#8221;default&#8221; global_colors_info=&#8221;{}&#8221;]<\/p>\n<h4>Cata<\/h4>\n<p>&#8220;El color es rojo fresa, muy limpio y brillante.&#8221;<\/p>\n<p>En nariz presenta aromas a frutos rojos silvestres, con un fondo de flores blancas, es muy agradable y envolvente.<\/p>\n<p>En boca es fresco y untuoso. Llena la boca con una acidez marcada.\u00a0 En la v\u00eda retronasal vuelven a aparecer los aromas de fruta d\u00e1ndonos sensaci\u00f3n de frescor.<\/p>\n<p>&nbsp;<\/p>\n<h4>Maridaje<\/h4>\n<p>Es ideal para acompa\u00f1ar todo tipo de embutidos, potajes, arroces, carnes fr\u00edas y cremas.<\/p>\n<p>&nbsp;<\/p>\n<h4>Elaboraci\u00f3n<\/h4>\n<p>Se estruja la uva procedente de vi\u00f1as de m\u00e1s de 40 a\u00f1os de antig\u00fcedad, y se tiene macerando unas 6 horas.\u00a0 A continuaci\u00f3n, se extrae el mosto por el procedimiento de &#8220;sangrado&#8221; tradicional de Navarra (separaci\u00f3n del mosto de los hollejos por gravedad), se obtiene la \u201cl\u00e1grima\u201d y el mosto con la piel de la uva se macera durante 2 d\u00edas, para as\u00ed extraer el color y cuerpo. El mosto sin hollejos fermenta a temperatura controlada de unos 16\u00baC. La fermentaci\u00f3n dura unos 15 d\u00edas y el az\u00facar se transforma en alcohol.<\/p>\n<p>[\/et_pb_text][et_pb_button button_url=&#8221;https:\/\/www.vegadelcastillo.com\/product-category\/real-defensa\/&#8221; button_text=&#8221;Comprar&#8221; _builder_version=&#8221;4.17.6&#8243; _module_preset=&#8221;default&#8221; global_colors_info=&#8221;{}&#8221;][\/et_pb_button][\/et_pb_column][\/et_pb_row][\/et_pb_section][et_pb_section fb_built=&#8221;1&#8243; _builder_version=&#8221;4.17.4&#8243; _module_preset=&#8221;default&#8221; background_color=&#8221;rgba(255,234,158,0.7)&#8221; background_enable_image=&#8221;off&#8221; background_enable_pattern_style=&#8221;on&#8221; background_pattern_style=&#8221;confetti&#8221; background_pattern_color=&#8221;#FFFFFF&#8221; background_pattern_size=&#8221;custom&#8221; background_pattern_width=&#8221;78px&#8221; custom_padding=&#8221;181px|||||&#8221; global_colors_info=&#8221;{}&#8221;][et_pb_row _builder_version=&#8221;4.17.4&#8243; _module_preset=&#8221;default&#8221; custom_margin=&#8221;|auto|37px|auto||&#8221; locked=&#8221;off&#8221; global_colors_info=&#8221;{}&#8221;][et_pb_column type=&#8221;4_4&#8243; _builder_version=&#8221;4.17.4&#8243; _module_preset=&#8221;default&#8221; global_colors_info=&#8221;{}&#8221;][et_pb_image src=&#8221;https:\/\/palaciodelosmencos.es\/wp-content\/uploads\/2022\/06\/vdc3.png&#8221; title_text=&#8221;vdc3&#8243; align=&#8221;center&#8221; _builder_version=&#8221;4.17.4&#8243; _module_preset=&#8221;default&#8221; global_colors_info=&#8221;{}&#8221;][\/et_pb_image][et_pb_text _builder_version=&#8221;4.17.4&#8243; _module_preset=&#8221;default&#8221; text_font=&#8221;Playfair Display||||||||&#8221; header_3_font=&#8221;Playfair Display||||||||&#8221; header_4_font=&#8221;Playfair Display||||||||&#8221; global_colors_info=&#8221;{}&#8221;]<\/p>\n<h2 style=\"text-align: center;\"><span style=\"text-decoration: underline;\">MARQU\u00c9S DE LA REAL DEFENSA BLANCO<\/span><\/h2>\n<h4 style=\"text-align: center;\"><strong>Viura, moscatel de grano menudo y Chardonnay<\/strong><\/h4>\n<p>[\/et_pb_text][\/et_pb_column][\/et_pb_row][et_pb_row column_structure=&#8221;1_3,2_3&#8243; _builder_version=&#8221;4.17.4&#8243; _module_preset=&#8221;default&#8221; global_colors_info=&#8221;{}&#8221;][et_pb_column type=&#8221;1_3&#8243; _builder_version=&#8221;4.17.4&#8243; _module_preset=&#8221;default&#8221; global_colors_info=&#8221;{}&#8221;][et_pb_image src=&#8221;https:\/\/palaciodelosmencos.es\/wp-content\/uploads\/2022\/06\/MarquesBlanco-555&#215;1024.png&#8221; title_text=&#8221;MarquesBlanco&#8221; _builder_version=&#8221;4.17.4&#8243; _module_preset=&#8221;default&#8221; global_colors_info=&#8221;{}&#8221;][\/et_pb_image][\/et_pb_column][et_pb_column type=&#8221;2_3&#8243; _builder_version=&#8221;4.17.4&#8243; _module_preset=&#8221;default&#8221; global_colors_info=&#8221;{}&#8221;][et_pb_text _builder_version=&#8221;4.17.4&#8243; _module_preset=&#8221;default&#8221; global_colors_info=&#8221;{}&#8221;]<\/p>\n<h4>Cata<\/h4>\n<p>Vino de color amarillo pajizo con un ribete verdoso, destaca su brillo y limpieza.<\/p>\n<p>En nariz es intenso y afrutado, recordando aromas de pl\u00e1tano y frutas tropicales como pi\u00f1a y fondo c\u00edtrico que le aporta una destacada frescura. Fondo de aromas dulces.<\/p>\n<p>Su entrada en boca nos marca la frescura al mismo tiempo que es untuoso. Aparecen otra vez notas de fruta madura. Envolvente y largo en boca.<\/p>\n<h4>Maridaje<\/h4>\n<p>Ideal para acompa\u00f1ar pescados, arroces, aperitivos, pastas, quesos suaves, azules y carnes blancas.<\/p>\n<h4>Elaboraci\u00f3n<\/h4>\n<p>Se estruja la uva y se traslada a un dep\u00f3sito donde se mantiene a 12\u00baC durante 2 horas. Se separa el mosto de los hollejos por gravedad.<\/p>\n<p>El mosto fermenta a una temperatura que oscila entre 12-15\u00baC durante unos 15 d\u00edas aproximadamente.<\/p>\n<p>Cada variedad fermenta por separado y posteriormente se hace el coupage.<\/p>\n<p>[\/et_pb_text][et_pb_button button_url=&#8221;https:\/\/www.vegadelcastillo.com\/product-category\/real-defensa\/&#8221; button_text=&#8221;Comprar&#8221; _builder_version=&#8221;4.17.6&#8243; _module_preset=&#8221;default&#8221; global_colors_info=&#8221;{}&#8221;][\/et_pb_button][\/et_pb_column][\/et_pb_row][\/et_pb_section][et_pb_section fb_built=&#8221;1&#8243; _builder_version=&#8221;4.17.4&#8243; _module_preset=&#8221;default&#8221; background_color=&#8221;#B0976D&#8221; background_enable_image=&#8221;off&#8221; background_enable_pattern_style=&#8221;on&#8221; background_pattern_style=&#8221;checkerboard&#8221; background_pattern_color=&#8221;rgba(255,255,255,0.2)&#8221; background_pattern_size=&#8221;custom&#8221; background_pattern_width=&#8221;4px&#8221; background_pattern_height=&#8221;364px&#8221; custom_padding=&#8221;46px||35px|||&#8221; global_colors_info=&#8221;{}&#8221;][et_pb_row _builder_version=&#8221;4.17.4&#8243; _module_preset=&#8221;default&#8221; custom_margin=&#8221;|auto|37px|auto||&#8221; global_colors_info=&#8221;{}&#8221;][et_pb_column type=&#8221;4_4&#8243; _builder_version=&#8221;4.17.4&#8243; _module_preset=&#8221;default&#8221; global_colors_info=&#8221;{}&#8221;][et_pb_text _builder_version=&#8221;4.17.6&#8243; _module_preset=&#8221;default&#8221; text_font=&#8221;Playfair Display||||||||&#8221; header_3_font=&#8221;Montserrat||||||||&#8221; header_4_font=&#8221;Playfair Display||||||||&#8221; global_colors_info=&#8221;{}&#8221;]<\/p>\n<h3 style=\"text-align: center;\">Estos y otros vinos se pueden adquirir directamente en la bodega del palacio o en la web Vega del Castillo<\/h3>\n<p>[\/et_pb_text][et_pb_button button_url=&#8221;https:\/\/www.vegadelcastillo.com\/product-category\/real-defensa\/&#8221; button_text=&#8221;Vega del Castillo&#8221; button_alignment=&#8221;center&#8221; _builder_version=&#8221;4.17.6&#8243; _module_preset=&#8221;default&#8221; custom_button=&#8221;on&#8221; button_text_color=&#8221;#FFFFFF&#8221; button_bg_color=&#8221;#C10D0D&#8221; button_border_width=&#8221;0px&#8221; box_shadow_style=&#8221;preset3&#8243; global_colors_info=&#8221;{}&#8221;][\/et_pb_button][\/et_pb_column][\/et_pb_row][\/et_pb_section][et_pb_section fb_built=&#8221;1&#8243; _builder_version=&#8221;4.17.4&#8243; _module_preset=&#8221;default&#8221; custom_padding=&#8221;68px|||||&#8221; locked=&#8221;off&#8221; global_colors_info=&#8221;{}&#8221;][et_pb_row _builder_version=&#8221;4.17.4&#8243; _module_preset=&#8221;default&#8221; global_colors_info=&#8221;{}&#8221;][et_pb_column type=&#8221;4_4&#8243; _builder_version=&#8221;4.17.4&#8243; _module_preset=&#8221;default&#8221; global_colors_info=&#8221;{}&#8221;][et_pb_gallery gallery_ids=&#8221;149,150,151,152,153,154,155,156,157,158,159,160,161,162&#8243; fullwidth=&#8221;on&#8221; _builder_version=&#8221;4.17.4&#8243; _module_preset=&#8221;default&#8221; custom_margin=&#8221;||76px|||&#8221; border_width_all=&#8221;7px&#8221; border_color_all=&#8221;#FFFFFF&#8221; box_shadow_style=&#8221;preset3&#8243; global_colors_info=&#8221;{}&#8221;][\/et_pb_gallery][et_pb_button button_url=&#8221;@ET-DC@eyJkeW5hbWljIjp0cnVlLCJjb250ZW50IjoicG9zdF9saW5rX3VybF9wYWdlIiwic2V0dGluZ3MiOnsicG9zdF9pZCI6IjQ5In19@&#8221; button_text=&#8221;Book your visit&#8221; button_alignment=&#8221;center&#8221; _builder_version=&#8221;4.24.2&#8243; _dynamic_attributes=&#8221;button_url&#8221; _module_preset=&#8221;default&#8221; custom_button=&#8221;on&#8221; button_text_color=&#8221;#FFFFFF&#8221; button_bg_color=&#8221;#C10D0D&#8221; button_border_width=&#8221;0px&#8221; button_border_radius=&#8221;21px&#8221; box_shadow_style=&#8221;preset3&#8243; global_colors_info=&#8221;{}&#8221;][\/et_pb_button][\/et_pb_column][\/et_pb_row][\/et_pb_section][et_pb_section fb_built=&#8221;1&#8243; disabled_on=&#8221;off|off|off&#8221; _builder_version=&#8221;4.25.1&#8243; _module_preset=&#8221;default&#8221; locked=&#8221;off&#8221; global_colors_info=&#8221;{}&#8221;][et_pb_row _builder_version=&#8221;4.25.1&#8243; _module_preset=&#8221;default&#8221; global_colors_info=&#8221;{}&#8221;][et_pb_column type=&#8221;4_4&#8243; _builder_version=&#8221;4.25.1&#8243; _module_preset=&#8221;default&#8221; global_colors_info=&#8221;{}&#8221;][et_pb_code _builder_version=&#8221;4.27.2&#8243; _module_preset=&#8221;default&#8221; hover_enabled=&#8221;0&#8243; global_colors_info=&#8221;{}&#8221; sticky_enabled=&#8221;0&#8243;]<!-- Elemento de audio que comienza silenciado y se reproduce en bucle --><!-- [et_pb_line_break_holder] --><audio id=\"myAudio\" src=\"https:\/\/palaciodelosmencos.es\/wp-content\/uploads\/2024\/10\/3-2-bodega-ING.mp3\"><\/audio><!-- [et_pb_line_break_holder] --><!-- [et_pb_line_break_holder] --><!-- Bot\u00f3n flotante para activar\/desactivar el sonido --><!-- [et_pb_line_break_holder] --><button id=\"audioToggleButton\" class=\"floating-button\">\ud83d\udd0a<\/button><!-- [et_pb_line_break_holder] --><!-- [et_pb_line_break_holder] --> <script><!-- [et_pb_line_break_holder] -->\/\/ Control del audio al hacer clic en el bot\u00f3n flotante<!-- [et_pb_line_break_holder] -->document.getElementById('audioToggleButton').addEventListener('click', function() {<!-- [et_pb_line_break_holder] -->    var audio = document.getElementById('myAudio');<!-- [et_pb_line_break_holder] -->    if (audio.paused) {<!-- [et_pb_line_break_holder] -->        audio.play(); \/\/ Si est\u00e1 pausado, reproduce<!-- [et_pb_line_break_holder] -->        this.textContent = '\u23f9\ufe0f'; \/\/ Cambia el \u00edcono a stop<!-- [et_pb_line_break_holder] -->    } else {<!-- [et_pb_line_break_holder] -->        audio.pause(); \/\/ Si est\u00e1 reproduciendo, pausa<!-- [et_pb_line_break_holder] -->        audio.currentTime = 0; \/\/ Reinicia la reproducci\u00f3n<!-- [et_pb_line_break_holder] -->        this.textContent = '\u25b6\ufe0f'; \/\/ Cambia el \u00edcono a play<!-- [et_pb_line_break_holder] -->    }<!-- [et_pb_line_break_holder] -->});<!-- [et_pb_line_break_holder] --><\/script>[\/et_pb_code][\/et_pb_column][\/et_pb_row][\/et_pb_section]<\/p>\n","protected":false},"excerpt":{"rendered":"<p>Visit the historic wineryTaste a wine in a winery with history The Mencos family has, over successive generations, maintained a long-standing relationship with wine growing and making. The winery was installed in the mid-18th century and reaching its peak of activity a century later. Half of what was once the large winery has been preserved [&hellip;]<\/p>\n","protected":false},"author":1,"featured_media":0,"parent":1637,"menu_order":0,"comment_status":"closed","ping_status":"closed","template":"","meta":{"_acf_changed":false,"_et_pb_use_builder":"on","_et_pb_old_content":"<!-- wp:divi\/placeholder \/-->","_et_gb_content_width":"","footnotes":""},"class_list":["post-1661","page","type-page","status-publish","hentry"],"acf":[],"_links":{"self":[{"href":"https:\/\/palaciodelosmencos.es\/en\/wp-json\/wp\/v2\/pages\/1661","targetHints":{"allow":["GET"]}}],"collection":[{"href":"https:\/\/palaciodelosmencos.es\/en\/wp-json\/wp\/v2\/pages"}],"about":[{"href":"https:\/\/palaciodelosmencos.es\/en\/wp-json\/wp\/v2\/types\/page"}],"author":[{"embeddable":true,"href":"https:\/\/palaciodelosmencos.es\/en\/wp-json\/wp\/v2\/users\/1"}],"replies":[{"embeddable":true,"href":"https:\/\/palaciodelosmencos.es\/en\/wp-json\/wp\/v2\/comments?post=1661"}],"version-history":[{"count":11,"href":"https:\/\/palaciodelosmencos.es\/en\/wp-json\/wp\/v2\/pages\/1661\/revisions"}],"predecessor-version":[{"id":2545,"href":"https:\/\/palaciodelosmencos.es\/en\/wp-json\/wp\/v2\/pages\/1661\/revisions\/2545"}],"up":[{"embeddable":true,"href":"https:\/\/palaciodelosmencos.es\/en\/wp-json\/wp\/v2\/pages\/1637"}],"wp:attachment":[{"href":"https:\/\/palaciodelosmencos.es\/en\/wp-json\/wp\/v2\/media?parent=1661"}],"curies":[{"name":"wp","href":"https:\/\/api.w.org\/{rel}","templated":true}]}}