{"id":1637,"date":"2022-06-06T08:18:53","date_gmt":"2022-06-06T08:18:53","guid":{"rendered":"https:\/\/palaciodelosmencos.es\/?page_id=1637"},"modified":"2024-10-14T11:20:01","modified_gmt":"2024-10-14T11:20:01","slug":"activities","status":"publish","type":"page","link":"https:\/\/palaciodelosmencos.es\/en\/activities\/","title":{"rendered":"Activities"},"content":{"rendered":"<p>[et_pb_section fb_built=&#8221;1&#8243; _builder_version=&#8221;4.17.4&#8243; _module_preset=&#8221;default&#8221; custom_padding=&#8221;44px|||||&#8221; global_colors_info=&#8221;{}&#8221;][et_pb_row column_structure=&#8221;2_5,3_5&#8243; _builder_version=&#8221;4.17.4&#8243; _module_preset=&#8221;default&#8221; custom_padding=&#8221;||55px|||&#8221; global_colors_info=&#8221;{}&#8221;][et_pb_column type=&#8221;2_5&#8243; _builder_version=&#8221;4.17.4&#8243; _module_preset=&#8221;default&#8221; global_colors_info=&#8221;{}&#8221;][et_pb_text _builder_version=&#8221;4.24.2&#8243; _module_preset=&#8221;default&#8221; header_font_size=&#8221;50px&#8221; custom_margin=&#8221;||9px|||&#8221; header_font_size_tablet=&#8221;50px&#8221; header_font_size_phone=&#8221;46px&#8221; header_font_size_last_edited=&#8221;on|phone&#8221; global_colors_info=&#8221;{}&#8221;]<\/p>\n<h1>Activities inside the Palace<\/h1>\n<p>[\/et_pb_text][et_pb_text _builder_version=&#8221;4.24.2&#8243; _module_preset=&#8221;default&#8221; custom_margin=&#8221;||8px|||&#8221; global_colors_info=&#8221;{}&#8221;]In this section you can access some of the different activities that can be enjoyed in the Palace, as well as other events that have been conducted on this site over the years.[\/et_pb_text][\/et_pb_column][et_pb_column type=&#8221;3_5&#8243; _builder_version=&#8221;4.17.4&#8243; _module_preset=&#8221;default&#8221; global_colors_info=&#8221;{}&#8221;][\/et_pb_column][\/et_pb_row][et_pb_row column_structure=&#8221;1_2,1_2&#8243; use_custom_gutter=&#8221;on&#8221; gutter_width=&#8221;2&#8243; make_equal=&#8221;on&#8221; _builder_version=&#8221;4.17.4&#8243; _module_preset=&#8221;default&#8221; custom_padding=&#8221;0px||0px||true|false&#8221; locked=&#8221;off&#8221; global_colors_info=&#8221;{}&#8221;][et_pb_column type=&#8221;1_2&#8243; _builder_version=&#8221;4.17.4&#8243; _dynamic_attributes=&#8221;link_option_url&#8221; _module_preset=&#8221;default&#8221; use_background_color_gradient=&#8221;on&#8221; background_color_gradient_type=&#8221;elliptical&#8221; background_color_gradient_stops=&#8221;rgba(0,0,0,0.6) 0%|rgba(0,0,0,0.6) 81%&#8221; background_color_gradient_overlays_image=&#8221;on&#8221; background_color_gradient_start=&#8221;rgba(0,0,0,0.6)&#8221; background_color_gradient_end=&#8221;rgba(0,0,0,0.6)&#8221; background_image=&#8221;https:\/\/palaciodelosmencos.es\/wp-content\/uploads\/2022\/06\/esc2.jpg&#8221; custom_padding=&#8221;110px|40px|110px|40px|true|true&#8221; custom_padding_tablet=&#8221;92px|30px|92px|30px|true|true&#8221; custom_padding_phone=&#8221;20px|20px|20px|20px|true|true&#8221; custom_padding_last_edited=&#8221;on|tablet&#8221; link_option_url=&#8221;@ET-DC@eyJkeW5hbWljIjp0cnVlLCJjb250ZW50IjoicG9zdF9saW5rX3VybF9wYWdlIiwic2V0dGluZ3MiOnsicG9zdF9pZCI6IjE5In19@&#8221; global_colors_info=&#8221;{}&#8221; background__hover_enabled=&#8221;on|hover&#8221; background_color_gradient_end__hover=&#8221;#000000&#8243; use_background_color_gradient__hover=&#8221;on&#8221; background_color_gradient_stops__hover=&#8221;rgba(0,0,0,0.6) 0%|#000000 100%&#8221; background_color_gradient_type__hover=&#8221;elliptical&#8221; background_color_gradient_overlays_image__hover=&#8221;on&#8221;][et_pb_text _builder_version=&#8221;4.24.2&#8243; _module_preset=&#8221;default&#8221; header_font=&#8221;||||||||&#8221; header_4_font=&#8221;Grenze||||||||&#8221; header_4_font_size=&#8221;30px&#8221; header_4_line_height=&#8221;1.5em&#8221; background_enable_color=&#8221;off&#8221; background_layout=&#8221;dark&#8221; header_4_font_size_tablet=&#8221;22px&#8221; header_4_font_size_phone=&#8221;18px&#8221; header_4_font_size_last_edited=&#8221;on|phone&#8221; locked=&#8221;off&#8221; global_colors_info=&#8221;{}&#8221;]<\/p>\n<h2>Visiting the main\/noble floor<\/h2>\n<p>[\/et_pb_text][\/et_pb_column][et_pb_column type=&#8221;1_2&#8243; _builder_version=&#8221;4.17.4&#8243; _dynamic_attributes=&#8221;link_option_url&#8221; _module_preset=&#8221;default&#8221; use_background_color_gradient=&#8221;on&#8221; background_color_gradient_stops=&#8221;rgba(0,0,0,0.6) 0%|rgba(0,0,0,0.6) 100%&#8221; background_color_gradient_overlays_image=&#8221;on&#8221; background_color_gradient_start=&#8221;rgba(0,0,0,0.6)&#8221; background_color_gradient_end=&#8221;rgba(0,0,0,0.6)&#8221; background_image=&#8221;https:\/\/palaciodelosmencos.es\/wp-content\/uploads\/2022\/06\/Boto\u0301n-La-Bodega-de-Palacio.jpg&#8221; custom_padding=&#8221;80px|40px|80px|40px|true|true&#8221; custom_padding_tablet=&#8221;30px|30px|30px|30px|true|true&#8221; custom_padding_phone=&#8221;20px|20px|20px|20px|true|true&#8221; custom_padding_last_edited=&#8221;on|phone&#8221; link_option_url=&#8221;@ET-DC@eyJkeW5hbWljIjp0cnVlLCJjb250ZW50IjoicG9zdF9saW5rX3VybF9wYWdlIiwic2V0dGluZ3MiOnsicG9zdF9pZCI6IjIxIn19@&#8221; global_colors_info=&#8221;{}&#8221; background__hover_enabled=&#8221;on|desktop&#8221; background_color_gradient_end__hover=&#8221;#000000&#8243; use_background_color_gradient__hover=&#8221;on&#8221; background_color_gradient_stops__hover=&#8221;rgba(0,0,0,0.6) 0%|#000000 100%&#8221;][et_pb_text _builder_version=&#8221;4.24.2&#8243; _module_preset=&#8221;default&#8221; header_font=&#8221;||||||||&#8221; header_4_font=&#8221;Grenze||||||||&#8221; header_4_font_size=&#8221;30px&#8221; header_4_line_height=&#8221;1.5em&#8221; background_enable_color=&#8221;off&#8221; background_layout=&#8221;dark&#8221; custom_margin=&#8221;29px|||||&#8221; header_4_font_size_tablet=&#8221;22px&#8221; header_4_font_size_phone=&#8221;18px&#8221; header_4_font_size_last_edited=&#8221;on|phone&#8221; locked=&#8221;off&#8221; global_colors_info=&#8221;{}&#8221;]<\/p>\n<h2>The Palace cellar<\/h2>\n<p>[\/et_pb_text][\/et_pb_column][\/et_pb_row][et_pb_row use_custom_gutter=&#8221;on&#8221; gutter_width=&#8221;2&#8243; make_equal=&#8221;on&#8221; _builder_version=&#8221;4.27.0&#8243; _module_preset=&#8221;default&#8221; custom_padding=&#8221;65px||3px||false|false&#8221; locked=&#8221;off&#8221; global_colors_info=&#8221;{}&#8221;][et_pb_column type=&#8221;4_4&#8243; _builder_version=&#8221;4.27.0&#8243; _dynamic_attributes=&#8221;link_option_url&#8221; _module_preset=&#8221;default&#8221; use_background_color_gradient=&#8221;on&#8221; background_color_gradient_type=&#8221;elliptical&#8221; background_color_gradient_stops=&#8221;rgba(0,0,0,0.6) 0%|rgba(0,0,0,0.6) 81%&#8221; background_color_gradient_overlays_image=&#8221;on&#8221; background_color_gradient_start=&#8221;rgba(0,0,0,0.6)&#8221; background_color_gradient_end=&#8221;rgba(0,0,0,0.6)&#8221; background_image=&#8221;https:\/\/palaciodelosmencos.es\/wp-content\/uploads\/2024\/08\/Captura-de-pantalla-2024-08-05-a-las-11.40.05.png&#8221; custom_padding=&#8221;110px|40px|110px|40px|true|true&#8221; custom_padding_tablet=&#8221;92px|30px|92px|30px|true|true&#8221; custom_padding_phone=&#8221;20px|20px|20px|20px|true|true&#8221; custom_padding_last_edited=&#8221;on|tablet&#8221; link_option_url=&#8221;@ET-DC@eyJkeW5hbWljIjp0cnVlLCJjb250ZW50IjoicG9zdF9saW5rX3VybF9wYWdlIiwic2V0dGluZ3MiOnsicG9zdF9pZCI6IjIxOTYifX0=@&#8221; global_colors_info=&#8221;{}&#8221; background__hover_enabled=&#8221;on|hover&#8221; background_color_gradient_end__hover=&#8221;#000000&#8243; use_background_color_gradient__hover=&#8221;on&#8221; background_color_gradient_stops__hover=&#8221;rgba(0,0,0,0.6) 0%|#000000 100%&#8221; background_color_gradient_type__hover=&#8221;elliptical&#8221; background_color_gradient_overlays_image__hover=&#8221;on&#8221;][et_pb_text _builder_version=&#8221;4.27.0&#8243; _module_preset=&#8221;default&#8221; header_font=&#8221;||||||||&#8221; header_4_font=&#8221;Grenze||||||||&#8221; header_4_font_size=&#8221;30px&#8221; header_4_line_height=&#8221;1.5em&#8221; background_enable_color=&#8221;off&#8221; text_orientation=&#8221;center&#8221; background_layout=&#8221;dark&#8221; link_option_url=&#8221;https:\/\/palaciodelosmencos.es\/en\/activities\/algunas-curiosidades\/&#8221; header_4_font_size_tablet=&#8221;22px&#8221; header_4_font_size_phone=&#8221;18px&#8221; header_4_font_size_last_edited=&#8221;on|phone&#8221; locked=&#8221;off&#8221; global_colors_info=&#8221;{}&#8221;]<\/p>\n<h2>Some CURIOSITIES<\/h2>\n<p>[\/et_pb_text][\/et_pb_column][\/et_pb_row][et_pb_row column_structure=&#8221;1_2,1_2&#8243; use_custom_gutter=&#8221;on&#8221; gutter_width=&#8221;2&#8243; make_equal=&#8221;on&#8221; _builder_version=&#8221;4.17.6&#8243; _module_preset=&#8221;default&#8221; custom_padding=&#8221;65px||65px||true|false&#8221; locked=&#8221;off&#8221; global_colors_info=&#8221;{}&#8221;][et_pb_column type=&#8221;1_2&#8243; _builder_version=&#8221;4.17.6&#8243; _dynamic_attributes=&#8221;link_option_url&#8221; _module_preset=&#8221;default&#8221; use_background_color_gradient=&#8221;on&#8221; background_color_gradient_type=&#8221;elliptical&#8221; background_color_gradient_stops=&#8221;rgba(0,0,0,0.6) 0%|rgba(0,0,0,0.6) 81%&#8221; background_color_gradient_overlays_image=&#8221;on&#8221; background_color_gradient_start=&#8221;rgba(0,0,0,0.6)&#8221; background_color_gradient_end=&#8221;rgba(0,0,0,0.6)&#8221; background_image=&#8221;https:\/\/palaciodelosmencos.es\/wp-content\/uploads\/2022\/06\/Patio-2021.jpg&#8221; custom_padding=&#8221;110px|40px|110px|40px|true|true&#8221; custom_padding_tablet=&#8221;92px|30px|92px|30px|true|true&#8221; custom_padding_phone=&#8221;20px|20px|20px|20px|true|true&#8221; custom_padding_last_edited=&#8221;on|tablet&#8221; link_option_url=&#8221;@ET-DC@eyJkeW5hbWljIjp0cnVlLCJjb250ZW50IjoicG9zdF9saW5rX3VybF9wYWdlIiwic2V0dGluZ3MiOnsicG9zdF9pZCI6IjEwMTMifX0=@&#8221; global_colors_info=&#8221;{}&#8221; background__hover_enabled=&#8221;on|hover&#8221; background_color_gradient_end__hover=&#8221;#000000&#8243; use_background_color_gradient__hover=&#8221;on&#8221; background_color_gradient_stops__hover=&#8221;rgba(0,0,0,0.6) 0%|#000000 100%&#8221; background_color_gradient_type__hover=&#8221;elliptical&#8221; background_color_gradient_overlays_image__hover=&#8221;on&#8221;][et_pb_text _builder_version=&#8221;4.24.2&#8243; _module_preset=&#8221;default&#8221; header_font=&#8221;||||||||&#8221; header_4_font=&#8221;Grenze||||||||&#8221; header_4_font_size=&#8221;30px&#8221; header_4_line_height=&#8221;1.5em&#8221; background_enable_color=&#8221;off&#8221; background_layout=&#8221;dark&#8221; header_4_font_size_tablet=&#8221;22px&#8221; header_4_font_size_phone=&#8221;18px&#8221; header_4_font_size_last_edited=&#8221;on|phone&#8221; locked=&#8221;off&#8221; global_colors_info=&#8221;{}&#8221;]<\/p>\n<h2>OPEN activities<\/h2>\n<p>[\/et_pb_text][\/et_pb_column][et_pb_column type=&#8221;1_2&#8243; _builder_version=&#8221;4.17.4&#8243; _dynamic_attributes=&#8221;link_option_url&#8221; _module_preset=&#8221;default&#8221; use_background_color_gradient=&#8221;on&#8221; background_color_gradient_stops=&#8221;rgba(0,0,0,0.6) 0%|rgba(0,0,0,0.6) 100%&#8221; background_color_gradient_overlays_image=&#8221;on&#8221; background_color_gradient_start=&#8221;rgba(0,0,0,0.6)&#8221; background_color_gradient_end=&#8221;rgba(0,0,0,0.6)&#8221; background_image=&#8221;https:\/\/palaciodelosmencos.es\/wp-content\/uploads\/2022\/06\/Patrimonio-para-jovenes.jpg&#8221; custom_padding=&#8221;80px|40px|80px|40px|true|true&#8221; custom_padding_tablet=&#8221;30px|30px|30px|30px|true|true&#8221; custom_padding_phone=&#8221;20px|20px|20px|20px|true|true&#8221; custom_padding_last_edited=&#8221;on|phone&#8221; link_option_url=&#8221;@ET-DC@eyJkeW5hbWljIjp0cnVlLCJjb250ZW50IjoicG9zdF9saW5rX3VybF9wYWdlIiwic2V0dGluZ3MiOnsicG9zdF9pZCI6IjI4In19@&#8221; global_colors_info=&#8221;{}&#8221; background__hover_enabled=&#8221;on|desktop&#8221; background_color_gradient_end__hover=&#8221;#000000&#8243; use_background_color_gradient__hover=&#8221;on&#8221; background_color_gradient_stops__hover=&#8221;rgba(0,0,0,0.6) 0%|#000000 100%&#8221;][et_pb_text _builder_version=&#8221;4.24.2&#8243; _module_preset=&#8221;default&#8221; header_font=&#8221;||||||||&#8221; header_4_font=&#8221;Grenze||||||||&#8221; header_4_font_size=&#8221;30px&#8221; header_4_line_height=&#8221;1.5em&#8221; background_enable_color=&#8221;off&#8221; background_layout=&#8221;dark&#8221; custom_margin=&#8221;26px|||||&#8221; header_4_font_size_tablet=&#8221;22px&#8221; header_4_font_size_phone=&#8221;18px&#8221; header_4_font_size_last_edited=&#8221;on|phone&#8221; locked=&#8221;off&#8221; global_colors_info=&#8221;{}&#8221;]<\/p>\n<h2>Previously conducted activities<\/h2>\n<p>[\/et_pb_text][\/et_pb_column][\/et_pb_row][\/et_pb_section][et_pb_section fb_built=&#8221;1&#8243; disabled_on=&#8221;off|off|off&#8221; _builder_version=&#8221;4.25.1&#8243; _module_preset=&#8221;default&#8221; custom_padding=&#8221;||163px|||&#8221; locked=&#8221;off&#8221; global_colors_info=&#8221;{}&#8221;][et_pb_row _builder_version=&#8221;4.27.0&#8243; _module_preset=&#8221;default&#8221; locked=&#8221;off&#8221; global_colors_info=&#8221;{}&#8221;][et_pb_column type=&#8221;4_4&#8243; _builder_version=&#8221;4.27.0&#8243; _module_preset=&#8221;default&#8221; global_colors_info=&#8221;{}&#8221;][et_pb_text _builder_version=&#8221;4.27.0&#8243; _module_preset=&#8221;default&#8221; header_font=&#8221;Playfair Display||||||||&#8221; header_3_font=&#8221;Playfair Display|800|||||||&#8221; header_3_font_size=&#8221;35px&#8221; header_4_font=&#8221;Playfair Display||||||||&#8221; header_4_text_align=&#8221;center&#8221; header_5_font=&#8221;Playfair Display|800|||||||&#8221; header_5_text_align=&#8221;center&#8221; global_colors_info=&#8221;{}&#8221;]<\/p>\n<h3 style=\"text-align: center;\">Manuel Mart\u00ednez<\/h3>\n<h4>Butler and general administrator of the Marquis of the Royal Defense<\/h4>\n<h5>18th century<\/h5>\n<p>[\/et_pb_text][et_pb_video src=&#8221;https:\/\/palaciodelosmencos.es\/wp-content\/uploads\/2024\/10\/Mencos-1-INGLES-baja.mp4&#8243; _builder_version=&#8221;4.27.2&#8243; _module_preset=&#8221;default&#8221; global_colors_info=&#8221;{}&#8221; locked=&#8221;off&#8221;][\/et_pb_video][\/et_pb_column][\/et_pb_row][et_pb_row _builder_version=&#8221;4.27.0&#8243; _module_preset=&#8221;default&#8221; custom_padding=&#8221;80px|||||&#8221; locked=&#8221;off&#8221; global_colors_info=&#8221;{}&#8221;][et_pb_column type=&#8221;4_4&#8243; _builder_version=&#8221;4.27.0&#8243; _module_preset=&#8221;default&#8221; global_colors_info=&#8221;{}&#8221;][et_pb_text _builder_version=&#8221;4.27.0&#8243; _module_preset=&#8221;default&#8221; header_font=&#8221;Playfair Display||||||||&#8221; header_3_font=&#8221;Playfair Display|800|||||||&#8221; header_3_font_size=&#8221;35px&#8221; header_4_font=&#8221;Playfair Display||||||||&#8221; header_4_text_align=&#8221;center&#8221; header_5_font=&#8221;Playfair Display|800|||||||&#8221; header_5_text_align=&#8221;center&#8221; global_colors_info=&#8221;{}&#8221;]<\/p>\n<h3 style=\"text-align: center;\">Francisco Ignacio de Mencos<\/h3>\n<h4>Colonel of the Navarra Regiment<\/h4>\n<h5>17th century<\/h5>\n<p>[\/et_pb_text][et_pb_video src=&#8221;https:\/\/palaciodelosmencos.es\/wp-content\/uploads\/2024\/10\/Mencos-2-INGLES-baja.mp4&#8243; _builder_version=&#8221;4.27.2&#8243; _module_preset=&#8221;default&#8221; global_colors_info=&#8221;{}&#8221; locked=&#8221;off&#8221;][\/et_pb_video][\/et_pb_column][\/et_pb_row][et_pb_row _builder_version=&#8221;4.27.0&#8243; _module_preset=&#8221;default&#8221; custom_padding=&#8221;80px|||||&#8221; locked=&#8221;off&#8221; global_colors_info=&#8221;{}&#8221;][et_pb_column type=&#8221;4_4&#8243; _builder_version=&#8221;4.27.0&#8243; _module_preset=&#8221;default&#8221; global_colors_info=&#8221;{}&#8221;][et_pb_text _builder_version=&#8221;4.27.0&#8243; _module_preset=&#8221;default&#8221; header_font=&#8221;Playfair Display||||||||&#8221; header_3_font=&#8221;Playfair Display|800|||||||&#8221; header_3_font_size=&#8221;35px&#8221; header_4_font=&#8221;Playfair Display||||||||&#8221; header_4_text_align=&#8221;center&#8221; header_5_font=&#8221;Playfair Display|800|||||||&#8221; header_5_text_align=&#8221;center&#8221; global_colors_info=&#8221;{}&#8221;]<\/p>\n<h3 style=\"text-align: center;\">Joaqu\u00edn Ignacio Mencos and Manso de Z\u00fa\u00f1iga<\/h3>\n<h4>Count of Guendul\u00e1in and Marquis of the Royal Defense<\/h4>\n<h5>19th century<\/h5>\n<p>[\/et_pb_text][et_pb_video src=&#8221;https:\/\/palaciodelosmencos.es\/wp-content\/uploads\/2024\/10\/Mencos-3-INGLES-baja.mp4&#8243; _builder_version=&#8221;4.27.2&#8243; _module_preset=&#8221;default&#8221; global_colors_info=&#8221;{}&#8221; locked=&#8221;off&#8221;][\/et_pb_video][\/et_pb_column][\/et_pb_row][\/et_pb_section][et_pb_section fb_built=&#8221;1&#8243; disabled_on=&#8221;off|off|off&#8221; _builder_version=&#8221;4.25.1&#8243; _module_preset=&#8221;default&#8221; locked=&#8221;off&#8221; global_colors_info=&#8221;{}&#8221;][et_pb_row _builder_version=&#8221;4.25.1&#8243; _module_preset=&#8221;default&#8221; global_colors_info=&#8221;{}&#8221;][et_pb_column type=&#8221;4_4&#8243; _builder_version=&#8221;4.25.1&#8243; _module_preset=&#8221;default&#8221; global_colors_info=&#8221;{}&#8221;][et_pb_code _builder_version=&#8221;4.27.2&#8243; _module_preset=&#8221;default&#8221; global_colors_info=&#8221;{}&#8221;]<!-- Elemento de audio que comienza silenciado y se reproduce en bucle --><!-- [et_pb_line_break_holder] --><audio id=\"myAudio\" src=\"https:\/\/palaciodelosmencos.es\/wp-content\/uploads\/2024\/10\/3-actividades-ING.mp3\"><\/audio><!-- [et_pb_line_break_holder] --><!-- [et_pb_line_break_holder] --><!-- Bot\u00f3n flotante para activar\/desactivar el sonido --><!-- [et_pb_line_break_holder] --><button id=\"audioToggleButton\" class=\"floating-button\">\ud83d\udd0a<\/button><!-- [et_pb_line_break_holder] --><!-- [et_pb_line_break_holder] --> <script><!-- [et_pb_line_break_holder] -->\/\/ Control del audio al hacer clic en el bot\u00f3n flotante<!-- [et_pb_line_break_holder] -->document.getElementById('audioToggleButton').addEventListener('click', function() {<!-- [et_pb_line_break_holder] -->    var audio = document.getElementById('myAudio');<!-- [et_pb_line_break_holder] -->    if (audio.paused) {<!-- [et_pb_line_break_holder] -->        audio.play(); \/\/ Si est\u00e1 pausado, reproduce<!-- [et_pb_line_break_holder] -->        this.textContent = '\u23f9\ufe0f'; \/\/ Cambia el \u00edcono a stop<!-- [et_pb_line_break_holder] -->    } else {<!-- [et_pb_line_break_holder] -->        audio.pause(); \/\/ Si est\u00e1 reproduciendo, pausa<!-- [et_pb_line_break_holder] -->        audio.currentTime = 0; \/\/ Reinicia la reproducci\u00f3n<!-- [et_pb_line_break_holder] -->        this.textContent = '\u25b6\ufe0f'; \/\/ Cambia el \u00edcono a play<!-- [et_pb_line_break_holder] -->    }<!-- [et_pb_line_break_holder] -->});<!-- [et_pb_line_break_holder] --><\/script><!-- [et_pb_line_break_holder] --><!-- [et_pb_line_break_holder] --><script src=\"https:\/\/chatfast.io\/chat.script.js\" data-chat-service=\"ChatFast\" data-bot-id=\"070331e4-a916-4126-a73b-8d82691c825f\" data-chat-width=\"450px\" data-chat-height=\"850px\"><\/script>[\/et_pb_code][\/et_pb_column][\/et_pb_row][\/et_pb_section]<\/p>\n","protected":false},"excerpt":{"rendered":"<p>Activities inside the PalaceIn this section you can access some of the different activities that can be enjoyed in the Palace, as well as other events that have been conducted on this site over the years.Visiting the main\/noble floorThe Palace cellarSome CURIOSITIESOPEN activitiesPreviously conducted activitiesManuel Mart\u00ednez Butler and general administrator of the Marquis of the [&hellip;]<\/p>\n","protected":false},"author":1,"featured_media":0,"parent":0,"menu_order":0,"comment_status":"closed","ping_status":"closed","template":"","meta":{"_acf_changed":false,"_et_pb_use_builder":"on","_et_pb_old_content":"<!-- wp:divi\/placeholder \/-->","_et_gb_content_width":"","footnotes":""},"class_list":["post-1637","page","type-page","status-publish","hentry"],"acf":[],"_links":{"self":[{"href":"https:\/\/palaciodelosmencos.es\/en\/wp-json\/wp\/v2\/pages\/1637","targetHints":{"allow":["GET"]}}],"collection":[{"href":"https:\/\/palaciodelosmencos.es\/en\/wp-json\/wp\/v2\/pages"}],"about":[{"href":"https:\/\/palaciodelosmencos.es\/en\/wp-json\/wp\/v2\/types\/page"}],"author":[{"embeddable":true,"href":"https:\/\/palaciodelosmencos.es\/en\/wp-json\/wp\/v2\/users\/1"}],"replies":[{"embeddable":true,"href":"https:\/\/palaciodelosmencos.es\/en\/wp-json\/wp\/v2\/comments?post=1637"}],"version-history":[{"count":11,"href":"https:\/\/palaciodelosmencos.es\/en\/wp-json\/wp\/v2\/pages\/1637\/revisions"}],"predecessor-version":[{"id":2803,"href":"https:\/\/palaciodelosmencos.es\/en\/wp-json\/wp\/v2\/pages\/1637\/revisions\/2803"}],"wp:attachment":[{"href":"https:\/\/palaciodelosmencos.es\/en\/wp-json\/wp\/v2\/media?parent=1637"}],"curies":[{"name":"wp","href":"https:\/\/api.w.org\/{rel}","templated":true}]}}